{"id":458,"date":"2019-10-02T13:34:07","date_gmt":"2019-10-02T11:34:07","guid":{"rendered":"https:\/\/www.calanthejazz.ch\/?page_id=458"},"modified":"2024-10-12T11:00:36","modified_gmt":"2024-10-12T09:00:36","slug":"epilation","status":"publish","type":"page","link":"https:\/\/www.hildaesthetique.ch\/?page_id=458","title":{"rendered":"Epilation"},"content":{"rendered":"\t\t<div data-elementor-type=\"wp-page\" data-elementor-id=\"458\" class=\"elementor elementor-458\">\n\t\t\t\t\t\t<section class=\"elementor-section elementor-top-section elementor-element elementor-element-c317101 elementor-section-stretched elementor-section-boxed elementor-section-height-default elementor-section-height-default\" data-id=\"c317101\" data-element_type=\"section\" data-e-type=\"section\" data-settings=\"{&quot;stretch_section&quot;:&quot;section-stretched&quot;,&quot;background_background&quot;:&quot;slideshow&quot;,&quot;background_slideshow_gallery&quot;:[{&quot;id&quot;:416,&quot;url&quot;:&quot;https:\\\/\\\/www.hildaesthetique.ch\\\/wp-content\\\/uploads\\\/2019\\\/10\\\/E-1.jpg&quot;},{&quot;id&quot;:417,&quot;url&quot;:&quot;https:\\\/\\\/www.hildaesthetique.ch\\\/wp-content\\\/uploads\\\/2019\\\/10\\\/Epilation-a-la-cire.jpg&quot;}],&quot;background_slideshow_loop&quot;:&quot;yes&quot;,&quot;background_slideshow_slide_duration&quot;:5000,&quot;background_slideshow_slide_transition&quot;:&quot;fade&quot;,&quot;background_slideshow_transition_duration&quot;:500}\">\n\t\t\t\t\t\t\t<div class=\"elementor-background-overlay\"><\/div>\n\t\t\t\t\t\t\t<div class=\"elementor-container elementor-column-gap-default\">\n\t\t\t\t\t<div class=\"elementor-column elementor-col-100 elementor-top-column elementor-element elementor-element-54407ff\" data-id=\"54407ff\" data-element_type=\"column\" data-e-type=\"column\">\n\t\t\t<div class=\"elementor-widget-wrap elementor-element-populated\">\n\t\t\t\t\t\t<div class=\"elementor-element elementor-element-90c6220 elementor-widget elementor-widget-spacer\" data-id=\"90c6220\" data-element_type=\"widget\" data-e-type=\"widget\" data-widget_type=\"spacer.default\">\n\t\t\t\t<div class=\"elementor-widget-container\">\n\t\t\t\t\t\t\t<div class=\"elementor-spacer\">\n\t\t\t<div class=\"elementor-spacer-inner\"><\/div>\n\t\t<\/div>\n\t\t\t\t\t\t<\/div>\n\t\t\t\t<\/div>\n\t\t\t\t<div class=\"elementor-element elementor-element-5be52d3 elementor-invisible elementor-widget elementor-widget-heading\" data-id=\"5be52d3\" data-element_type=\"widget\" data-e-type=\"widget\" data-settings=\"{&quot;_animation&quot;:&quot;fadeIn&quot;,&quot;_animation_delay&quot;:200}\" data-widget_type=\"heading.default\">\n\t\t\t\t<div class=\"elementor-widget-container\">\n\t\t\t\t\t<h1 class=\"elementor-heading-title elementor-size-default\">Epilation-A la cire ti\u00e8de<\/h1>\t\t\t\t<\/div>\n\t\t\t\t<\/div>\n\t\t\t\t<div class=\"elementor-element elementor-element-ed58764 elementor-align-center elementor-invisible elementor-widget elementor-widget-button\" data-id=\"ed58764\" data-element_type=\"widget\" data-e-type=\"widget\" data-settings=\"{&quot;_animation&quot;:&quot;fadeIn&quot;,&quot;_animation_delay&quot;:400}\" data-widget_type=\"button.default\">\n\t\t\t\t<div class=\"elementor-widget-container\">\n\t\t\t\t\t\t\t\t\t<div class=\"elementor-button-wrapper\">\n\t\t\t\t\t<a class=\"elementor-button elementor-button-link elementor-size-lg\" href=\"https:\/\/calendly.com\/hilda-esthetique\">\n\t\t\t\t\t\t<span class=\"elementor-button-content-wrapper\">\n\t\t\t\t\t\t<span class=\"elementor-button-icon\">\n\t\t\t\t<i aria-hidden=\"true\" class=\"fas fa-arrow-right\"><\/i>\t\t\t<\/span>\n\t\t\t\t\t\t\t\t\t<span class=\"elementor-button-text\">Rendez-Vous<\/span>\n\t\t\t\t\t<\/span>\n\t\t\t\t\t<\/a>\n\t\t\t\t<\/div>\n\t\t\t\t\t\t\t\t<\/div>\n\t\t\t\t<\/div>\n\t\t\t\t\t<\/div>\n\t\t<\/div>\n\t\t\t\t\t<\/div>\n\t\t<\/section>\n\t\t\t\t<section class=\"elementor-section elementor-top-section elementor-element elementor-element-d636zmn elementor-section-stretched elementor-section-content-middle elementor-section-boxed elementor-section-height-default elementor-section-height-default\" data-id=\"d636zmn\" data-element_type=\"section\" data-e-type=\"section\" id=\"about\" data-settings=\"{&quot;stretch_section&quot;:&quot;section-stretched&quot;}\">\n\t\t\t\t\t\t<div class=\"elementor-container elementor-column-gap-default\">\n\t\t\t\t\t<div class=\"elementor-column elementor-col-100 elementor-top-column elementor-element elementor-element-85hezvh\" data-id=\"85hezvh\" data-element_type=\"column\" data-e-type=\"column\">\n\t\t\t<div class=\"elementor-widget-wrap elementor-element-populated\">\n\t\t\t\t\t\t<div class=\"elementor-element elementor-element-iu6o43u elementor-widget elementor-widget-spacer\" data-id=\"iu6o43u\" data-element_type=\"widget\" data-e-type=\"widget\" data-widget_type=\"spacer.default\">\n\t\t\t\t<div class=\"elementor-widget-container\">\n\t\t\t\t\t\t\t<div class=\"elementor-spacer\">\n\t\t\t<div class=\"elementor-spacer-inner\"><\/div>\n\t\t<\/div>\n\t\t\t\t\t\t<\/div>\n\t\t\t\t<\/div>\n\t\t\t\t\t<\/div>\n\t\t<\/div>\n\t\t\t\t\t<\/div>\n\t\t<\/section>\n\t\t\t\t<section class=\"elementor-section elementor-top-section elementor-element elementor-element-oblik10 elementor-section-stretched elementor-section-boxed elementor-section-height-default elementor-section-height-default\" data-id=\"oblik10\" data-element_type=\"section\" data-e-type=\"section\" data-settings=\"{&quot;stretch_section&quot;:&quot;section-stretched&quot;,&quot;background_background&quot;:&quot;classic&quot;}\">\n\t\t\t\t\t\t<div class=\"elementor-container elementor-column-gap-default\">\n\t\t\t\t\t<div class=\"elementor-column elementor-col-33 elementor-top-column elementor-element elementor-element-1t7fcnm\" data-id=\"1t7fcnm\" data-element_type=\"column\" data-e-type=\"column\">\n\t\t\t<div class=\"elementor-widget-wrap\">\n\t\t\t\t\t\t\t<\/div>\n\t\t<\/div>\n\t\t\t\t<div class=\"elementor-column elementor-col-33 elementor-top-column elementor-element elementor-element-6qrmnz2\" data-id=\"6qrmnz2\" data-element_type=\"column\" data-e-type=\"column\">\n\t\t\t<div class=\"elementor-widget-wrap elementor-element-populated\">\n\t\t\t\t\t\t<div class=\"elementor-element elementor-element-d6ab30c elementor-widget elementor-widget-text-editor\" data-id=\"d6ab30c\" data-element_type=\"widget\" data-e-type=\"widget\" data-widget_type=\"text-editor.default\">\n\t\t\t\t<div class=\"elementor-widget-container\">\n\t\t\t\t\t\t\t\t\t<div id=\"wb_epilationText5\"><strong>EPILATION &#8211;&nbsp;<\/strong><strong>A la cire ti\u00e8de<\/strong><\/div>\n<div id=\"wb_epilationText2\" style=\"text-align: center;\"><strong>&#8211; Jambes enti\u00e8res&nbsp;&nbsp;&nbsp;<\/strong><strong>35.-<\/strong><strong><br>&#8211; \u00be jambes&nbsp; <\/strong><strong>25.-<\/strong><br><strong>-Jambes et Bikini 55.-<br>&#8211; Bras&nbsp;&nbsp;&nbsp;<\/strong><strong>20.-<\/strong><strong><br>&#8211; \u00bd Bras&nbsp;&nbsp;&nbsp;<\/strong><strong>15.-<\/strong><strong><br>&#8211; Aisselles&nbsp;&nbsp;&nbsp;<\/strong><strong>10.-<\/strong><strong><br>&#8211; Bikini \/ integral&nbsp;&nbsp;&nbsp;<\/strong><strong>25.-<\/strong><strong><br>&#8211; L\u00e8vre sup\u00e9rieure et menton (au fil)&nbsp;&nbsp;&nbsp;<\/strong><strong>10.-<\/strong><strong><br>&#8211; Sourcils (au fil)&nbsp; 10.-<\/strong><br><strong>-Sourcils et l\u00e8vre&nbsp; 15.-<\/strong><br><strong><br>&nbsp; Pour les peaux sensibles ou allergiques \u00e0 la cire, l\u2019\u00e9pilation au<br>fil est pr\u00e9conis\u00e9e. Ce proc\u00e9d\u00e9 \u00e9vite toutes traces de rougeur.<\/strong><\/div>\t\t\t\t\t\t\t\t<\/div>\n\t\t\t\t<\/div>\n\t\t\t\t\t<\/div>\n\t\t<\/div>\n\t\t\t\t<div class=\"elementor-column elementor-col-33 elementor-top-column elementor-element elementor-element-z94rj1u\" data-id=\"z94rj1u\" data-element_type=\"column\" data-e-type=\"column\">\n\t\t\t<div class=\"elementor-widget-wrap\">\n\t\t\t\t\t\t\t<\/div>\n\t\t<\/div>\n\t\t\t\t\t<\/div>\n\t\t<\/section>\n\t\t\t\t<\/div>\n\t\t","protected":false},"excerpt":{"rendered":"<p>Epilation-A la cire ti\u00e8de Rendez-Vous EPILATION &#8211;&nbsp;A la cire ti\u00e8de &#8211; Jambes enti\u00e8res&nbsp;&nbsp;&nbsp;35.-&#8211; \u00be jambes&nbsp; 25.&#8211;Jambes et Bikini 55.-&#8211; Bras&nbsp;&nbsp;&nbsp;20.-&#8211; \u00bd Bras&nbsp;&nbsp;&nbsp;15.-&#8211; Aisselles&nbsp;&nbsp;&nbsp;10.-&#8211; Bikini \/ integral&nbsp;&nbsp;&nbsp;25.-&#8211; L\u00e8vre sup\u00e9rieure et menton (au fil)&nbsp;&nbsp;&nbsp;10.-&#8211; Sourcils (au fil)&nbsp; 10.&#8211;Sourcils et l\u00e8vre&nbsp; 15.-&nbsp; Pour les peaux sensibles ou allergiques \u00e0 la cire, l\u2019\u00e9pilation aufil est pr\u00e9conis\u00e9e. Ce proc\u00e9d\u00e9 \u00e9vite [&hellip;]<\/p>\n","protected":false},"author":1,"featured_media":0,"parent":0,"menu_order":0,"comment_status":"closed","ping_status":"open","template":"","meta":{"_uag_custom_page_level_css":"","_monsterinsights_skip_tracking":false,"_monsterinsights_sitenote_active":false,"_monsterinsights_sitenote_note":"","_monsterinsights_sitenote_category":0,"site-sidebar-layout":"no-sidebar","site-content-layout":"page-builder","ast-site-content-layout":"full-width-container","site-content-style":"unboxed","site-sidebar-style":"unboxed","ast-global-header-display":"","ast-banner-title-visibility":"","ast-main-header-display":"","ast-hfb-above-header-display":"","ast-hfb-below-header-display":"","ast-hfb-mobile-header-display":"","site-post-title":"disabled","ast-breadcrumbs-content":"","ast-featured-img":"disabled","footer-sml-layout":"","theme-transparent-header-meta":"default","adv-header-id-meta":"","stick-header-meta":"","header-above-stick-meta":"","header-main-stick-meta":"","header-below-stick-meta":"","astra-migrate-meta-layouts":"set","ast-page-background-enabled":"default","ast-page-background-meta":{"desktop":{"background-color":"","background-image":"","background-repeat":"repeat","background-position":"center center","background-size":"auto","background-attachment":"scroll","background-type":"","background-media":"","overlay-type":"","overlay-color":"","overlay-opacity":"","overlay-gradient":""},"tablet":{"background-color":"","background-image":"","background-repeat":"repeat","background-position":"center center","background-size":"auto","background-attachment":"scroll","background-type":"","background-media":"","overlay-type":"","overlay-color":"","overlay-opacity":"","overlay-gradient":""},"mobile":{"background-color":"","background-image":"","background-repeat":"repeat","background-position":"center center","background-size":"auto","background-attachment":"scroll","background-type":"","background-media":"","overlay-type":"","overlay-color":"","overlay-opacity":"","overlay-gradient":""}},"ast-content-background-meta":{"desktop":{"background-color":"var(--ast-global-color-5)","background-image":"","background-repeat":"repeat","background-position":"center center","background-size":"auto","background-attachment":"scroll","background-type":"","background-media":"","overlay-type":"","overlay-color":"","overlay-opacity":"","overlay-gradient":""},"tablet":{"background-color":"var(--ast-global-color-5)","background-image":"","background-repeat":"repeat","background-position":"center center","background-size":"auto","background-attachment":"scroll","background-type":"","background-media":"","overlay-type":"","overlay-color":"","overlay-opacity":"","overlay-gradient":""},"mobile":{"background-color":"var(--ast-global-color-5)","background-image":"","background-repeat":"repeat","background-position":"center center","background-size":"auto","background-attachment":"scroll","background-type":"","background-media":"","overlay-type":"","overlay-color":"","overlay-opacity":"","overlay-gradient":""}},"footnotes":""},"class_list":["post-458","page","type-page","status-publish","hentry"],"yoast_head":"<!-- This site is optimized with the Yoast SEO plugin v27.5 - https:\/\/yoast.com\/product\/yoast-seo-wordpress\/ -->\n<title>Epilation - Hilda Esth\u00e9tique<\/title>\n<meta name=\"description\" content=\"Epilation\" \/>\n<meta name=\"robots\" content=\"index, follow, max-snippet:-1, max-image-preview:large, max-video-preview:-1\" \/>\n<link rel=\"canonical\" href=\"https:\/\/www.hildaesthetique.ch\/?page_id=458\" \/>\n<meta property=\"og:locale\" content=\"fr_FR\" \/>\n<meta property=\"og:type\" content=\"article\" \/>\n<meta property=\"og:title\" content=\"Epilation - Hilda Esth\u00e9tique\" \/>\n<meta property=\"og:description\" content=\"Epilation\" \/>\n<meta property=\"og:url\" content=\"https:\/\/www.hildaesthetique.ch\/?page_id=458\" \/>\n<meta property=\"og:site_name\" content=\"Hilda Esth\u00e9tique\" \/>\n<meta property=\"article:modified_time\" content=\"2024-10-12T09:00:36+00:00\" \/>\n<meta name=\"twitter:card\" content=\"summary_large_image\" \/>\n<meta name=\"twitter:label1\" content=\"Dur\u00e9e de lecture estim\u00e9e\" \/>\n\t<meta name=\"twitter:data1\" content=\"1 minute\" \/>\n<script type=\"application\/ld+json\" class=\"yoast-schema-graph\">{\"@context\":\"https:\\\/\\\/schema.org\",\"@graph\":[{\"@type\":\"WebPage\",\"@id\":\"https:\\\/\\\/www.hildaesthetique.ch\\\/?page_id=458\",\"url\":\"https:\\\/\\\/www.hildaesthetique.ch\\\/?page_id=458\",\"name\":\"Epilation - Hilda Esth\u00e9tique\",\"isPartOf\":{\"@id\":\"https:\\\/\\\/www.hildaesthetique.ch\\\/#website\"},\"datePublished\":\"2019-10-02T11:34:07+00:00\",\"dateModified\":\"2024-10-12T09:00:36+00:00\",\"description\":\"Epilation\",\"breadcrumb\":{\"@id\":\"https:\\\/\\\/www.hildaesthetique.ch\\\/?page_id=458#breadcrumb\"},\"inLanguage\":\"fr-FR\",\"potentialAction\":[{\"@type\":\"ReadAction\",\"target\":[\"https:\\\/\\\/www.hildaesthetique.ch\\\/?page_id=458\"]}]},{\"@type\":\"BreadcrumbList\",\"@id\":\"https:\\\/\\\/www.hildaesthetique.ch\\\/?page_id=458#breadcrumb\",\"itemListElement\":[{\"@type\":\"ListItem\",\"position\":1,\"name\":\"Accueil\",\"item\":\"https:\\\/\\\/www.hildaesthetique.ch\\\/\"},{\"@type\":\"ListItem\",\"position\":2,\"name\":\"Epilation\"}]},{\"@type\":\"WebSite\",\"@id\":\"https:\\\/\\\/www.hildaesthetique.ch\\\/#website\",\"url\":\"https:\\\/\\\/www.hildaesthetique.ch\\\/\",\"name\":\"Hilda Esth\u00e9tique\",\"description\":\"\",\"publisher\":{\"@id\":\"https:\\\/\\\/www.hildaesthetique.ch\\\/#organization\"},\"potentialAction\":[{\"@type\":\"SearchAction\",\"target\":{\"@type\":\"EntryPoint\",\"urlTemplate\":\"https:\\\/\\\/www.hildaesthetique.ch\\\/?s={search_term_string}\"},\"query-input\":{\"@type\":\"PropertyValueSpecification\",\"valueRequired\":true,\"valueName\":\"search_term_string\"}}],\"inLanguage\":\"fr-FR\"},{\"@type\":\"Organization\",\"@id\":\"https:\\\/\\\/www.hildaesthetique.ch\\\/#organization\",\"name\":\"Hilda Esth\u00e9tique\",\"url\":\"https:\\\/\\\/www.hildaesthetique.ch\\\/\",\"logo\":{\"@type\":\"ImageObject\",\"inLanguage\":\"fr-FR\",\"@id\":\"https:\\\/\\\/www.hildaesthetique.ch\\\/#\\\/schema\\\/logo\\\/image\\\/\",\"url\":\"https:\\\/\\\/www.hildaesthetique.ch\\\/wp-content\\\/uploads\\\/2019\\\/10\\\/cropped-Hilda-Esthetique-3-1.png\",\"contentUrl\":\"https:\\\/\\\/www.hildaesthetique.ch\\\/wp-content\\\/uploads\\\/2019\\\/10\\\/cropped-Hilda-Esthetique-3-1.png\",\"width\":267,\"height\":104,\"caption\":\"Hilda Esth\u00e9tique\"},\"image\":{\"@id\":\"https:\\\/\\\/www.hildaesthetique.ch\\\/#\\\/schema\\\/logo\\\/image\\\/\"}}]}<\/script>\n<!-- \/ Yoast SEO plugin. -->","yoast_head_json":{"title":"Epilation - Hilda Esth\u00e9tique","description":"Epilation","robots":{"index":"index","follow":"follow","max-snippet":"max-snippet:-1","max-image-preview":"max-image-preview:large","max-video-preview":"max-video-preview:-1"},"canonical":"https:\/\/www.hildaesthetique.ch\/?page_id=458","og_locale":"fr_FR","og_type":"article","og_title":"Epilation - Hilda Esth\u00e9tique","og_description":"Epilation","og_url":"https:\/\/www.hildaesthetique.ch\/?page_id=458","og_site_name":"Hilda Esth\u00e9tique","article_modified_time":"2024-10-12T09:00:36+00:00","twitter_card":"summary_large_image","twitter_misc":{"Dur\u00e9e de lecture estim\u00e9e":"1 minute"},"schema":{"@context":"https:\/\/schema.org","@graph":[{"@type":"WebPage","@id":"https:\/\/www.hildaesthetique.ch\/?page_id=458","url":"https:\/\/www.hildaesthetique.ch\/?page_id=458","name":"Epilation - Hilda Esth\u00e9tique","isPartOf":{"@id":"https:\/\/www.hildaesthetique.ch\/#website"},"datePublished":"2019-10-02T11:34:07+00:00","dateModified":"2024-10-12T09:00:36+00:00","description":"Epilation","breadcrumb":{"@id":"https:\/\/www.hildaesthetique.ch\/?page_id=458#breadcrumb"},"inLanguage":"fr-FR","potentialAction":[{"@type":"ReadAction","target":["https:\/\/www.hildaesthetique.ch\/?page_id=458"]}]},{"@type":"BreadcrumbList","@id":"https:\/\/www.hildaesthetique.ch\/?page_id=458#breadcrumb","itemListElement":[{"@type":"ListItem","position":1,"name":"Accueil","item":"https:\/\/www.hildaesthetique.ch\/"},{"@type":"ListItem","position":2,"name":"Epilation"}]},{"@type":"WebSite","@id":"https:\/\/www.hildaesthetique.ch\/#website","url":"https:\/\/www.hildaesthetique.ch\/","name":"Hilda Esth\u00e9tique","description":"","publisher":{"@id":"https:\/\/www.hildaesthetique.ch\/#organization"},"potentialAction":[{"@type":"SearchAction","target":{"@type":"EntryPoint","urlTemplate":"https:\/\/www.hildaesthetique.ch\/?s={search_term_string}"},"query-input":{"@type":"PropertyValueSpecification","valueRequired":true,"valueName":"search_term_string"}}],"inLanguage":"fr-FR"},{"@type":"Organization","@id":"https:\/\/www.hildaesthetique.ch\/#organization","name":"Hilda Esth\u00e9tique","url":"https:\/\/www.hildaesthetique.ch\/","logo":{"@type":"ImageObject","inLanguage":"fr-FR","@id":"https:\/\/www.hildaesthetique.ch\/#\/schema\/logo\/image\/","url":"https:\/\/www.hildaesthetique.ch\/wp-content\/uploads\/2019\/10\/cropped-Hilda-Esthetique-3-1.png","contentUrl":"https:\/\/www.hildaesthetique.ch\/wp-content\/uploads\/2019\/10\/cropped-Hilda-Esthetique-3-1.png","width":267,"height":104,"caption":"Hilda Esth\u00e9tique"},"image":{"@id":"https:\/\/www.hildaesthetique.ch\/#\/schema\/logo\/image\/"}}]}},"uagb_featured_image_src":{"full":false,"thumbnail":false,"medium":false,"medium_large":false,"large":false,"1536x1536":false,"2048x2048":false},"uagb_author_info":{"display_name":"admin","author_link":"https:\/\/www.hildaesthetique.ch\/?author=1"},"uagb_comment_info":0,"uagb_excerpt":"Epilation-A la cire ti\u00e8de Rendez-Vous EPILATION &#8211;&nbsp;A la cire ti\u00e8de &#8211; Jambes enti\u00e8res&nbsp;&nbsp;&nbsp;35.-&#8211; \u00be jambes&nbsp; 25.--Jambes et Bikini 55.-&#8211; Bras&nbsp;&nbsp;&nbsp;20.-&#8211; \u00bd Bras&nbsp;&nbsp;&nbsp;15.-&#8211; Aisselles&nbsp;&nbsp;&nbsp;10.-&#8211; Bikini \/ integral&nbsp;&nbsp;&nbsp;25.-&#8211; L\u00e8vre sup\u00e9rieure et menton (au fil)&nbsp;&nbsp;&nbsp;10.-&#8211; Sourcils (au fil)&nbsp; 10.--Sourcils et l\u00e8vre&nbsp; 15.-&nbsp; Pour les peaux sensibles ou allergiques \u00e0 la cire, l\u2019\u00e9pilation aufil est pr\u00e9conis\u00e9e. Ce proc\u00e9d\u00e9 \u00e9vite\u2026","_links":{"self":[{"href":"https:\/\/www.hildaesthetique.ch\/index.php?rest_route=\/wp\/v2\/pages\/458","targetHints":{"allow":["GET"]}}],"collection":[{"href":"https:\/\/www.hildaesthetique.ch\/index.php?rest_route=\/wp\/v2\/pages"}],"about":[{"href":"https:\/\/www.hildaesthetique.ch\/index.php?rest_route=\/wp\/v2\/types\/page"}],"author":[{"embeddable":true,"href":"https:\/\/www.hildaesthetique.ch\/index.php?rest_route=\/wp\/v2\/users\/1"}],"replies":[{"embeddable":true,"href":"https:\/\/www.hildaesthetique.ch\/index.php?rest_route=%2Fwp%2Fv2%2Fcomments&post=458"}],"version-history":[{"count":78,"href":"https:\/\/www.hildaesthetique.ch\/index.php?rest_route=\/wp\/v2\/pages\/458\/revisions"}],"predecessor-version":[{"id":787,"href":"https:\/\/www.hildaesthetique.ch\/index.php?rest_route=\/wp\/v2\/pages\/458\/revisions\/787"}],"wp:attachment":[{"href":"https:\/\/www.hildaesthetique.ch\/index.php?rest_route=%2Fwp%2Fv2%2Fmedia&parent=458"}],"curies":[{"name":"wp","href":"https:\/\/api.w.org\/{rel}","templated":true}]}}